{"id":883,"date":"2020-04-26T15:51:47","date_gmt":"2020-04-26T18:51:47","guid":{"rendered":"https:\/\/www.amplifica.me\/simplifica\/?page_id=883"},"modified":"2020-05-09T12:07:44","modified_gmt":"2020-05-09T15:07:44","slug":"quem-somos","status":"publish","type":"page","link":"https:\/\/www.amplifica.me\/simplifica\/?page_id=883","title":{"rendered":"Quem somos"},"content":{"rendered":"\n<div class=\"wp-block-columns\">\n<div class=\"wp-block-column\">\n<figure class=\"wp-block-image size-large\"><img loading=\"lazy\" width=\"640\" height=\"400\" src=\"https:\/\/www.amplifica.me\/simplifica\/wp-content\/uploads\/2020\/04\/foto-amplifica-1.jpg\" alt=\"\" class=\"wp-image-1085\" srcset=\"https:\/\/www.amplifica.me\/simplifica\/wp-content\/uploads\/2020\/04\/foto-amplifica-1.jpg 640w, https:\/\/www.amplifica.me\/simplifica\/wp-content\/uploads\/2020\/04\/foto-amplifica-1-300x188.jpg 300w, https:\/\/www.amplifica.me\/simplifica\/wp-content\/uploads\/2020\/04\/foto-amplifica-1-100x63.jpg 100w\" sizes=\"(max-width: 640px) 100vw, 640px\" \/><\/figure>\n<\/div>\n\n\n\n<div class=\"wp-block-column\">\n<h2>Amplifica<\/h2>\n\n\n\n<p class=\"has-medium-font-size\">Engajar para conectar e impulsionar talentos \u00e9 o que nos move. A metodologia do <strong>Amplifica <\/strong>pressup\u00f5e que o aprendizado seja coletivo e distribu\u00eddo em rede e estimula os participantes, durante a constru\u00e7\u00e3o do projeto, a repensarem as&nbsp; suas pr\u00e1ticas e os processos.&nbsp;<\/p>\n<\/div>\n<\/div>\n\n\n\n<div style=\"height:10px\" aria-hidden=\"true\" class=\"wp-block-spacer\"><\/div>\n\n\n\n<div class=\"wp-block-columns\">\n<div class=\"wp-block-column\">\n<figure class=\"wp-block-image size-large\"><img loading=\"lazy\" width=\"640\" height=\"400\" src=\"https:\/\/www.amplifica.me\/simplifica\/wp-content\/uploads\/2020\/04\/foto-fundacao-lemann.jpg\" alt=\"\" class=\"wp-image-1086\" srcset=\"https:\/\/www.amplifica.me\/simplifica\/wp-content\/uploads\/2020\/04\/foto-fundacao-lemann.jpg 640w, https:\/\/www.amplifica.me\/simplifica\/wp-content\/uploads\/2020\/04\/foto-fundacao-lemann-300x188.jpg 300w, https:\/\/www.amplifica.me\/simplifica\/wp-content\/uploads\/2020\/04\/foto-fundacao-lemann-100x63.jpg 100w\" sizes=\"(max-width: 640px) 100vw, 640px\" \/><\/figure>\n<\/div>\n\n\n\n<div class=\"wp-block-column\">\n<h2>Funda\u00e7\u00e3o Lemann<\/h2>\n\n\n\n<p class=\"has-medium-font-size\">A <strong>Funda\u00e7\u00e3o Lemann <\/strong>acredita que um Brasil feito por todos e para todos \u00e9 um Brasil que acredita no seu maior potencial: gente.&nbsp; Isso s\u00f3 acontece com educa\u00e7\u00e3o de qualidade e com o apoio a pessoas que querem resolver os grandes desafios sociais do pa\u00eds. Realiza projetos, ao lado de professores, gestores escolares, Secretarias de Educa\u00e7\u00e3o e governos, para uma aprendizagem de qualidade.<\/p>\n<\/div>\n<\/div>\n\n\n\n<div style=\"height:10px\" aria-hidden=\"true\" class=\"wp-block-spacer\"><\/div>\n\n\n\n<div class=\"wp-block-columns\">\n<div class=\"wp-block-column\">\n<figure class=\"wp-block-image size-large\"><img loading=\"lazy\" width=\"640\" height=\"400\" src=\"https:\/\/www.amplifica.me\/simplifica\/wp-content\/uploads\/2020\/04\/foto-imaginable.jpg\" alt=\"\" class=\"wp-image-1087\" srcset=\"https:\/\/www.amplifica.me\/simplifica\/wp-content\/uploads\/2020\/04\/foto-imaginable.jpg 640w, https:\/\/www.amplifica.me\/simplifica\/wp-content\/uploads\/2020\/04\/foto-imaginable-300x188.jpg 300w, https:\/\/www.amplifica.me\/simplifica\/wp-content\/uploads\/2020\/04\/foto-imaginable-100x63.jpg 100w\" sizes=\"(max-width: 640px) 100vw, 640px\" \/><\/figure>\n<\/div>\n\n\n\n<div class=\"wp-block-column\">\n<h2>Imaginable Futures<\/h2>\n\n\n\n<p class=\"has-medium-font-size\">A <em><strong>Imaginable Futures<\/strong><\/em> \u00e9 um fundo internacional de filantropia que atua no setor de educa\u00e7\u00e3o, nos EUA, na Am\u00e9rica Latina e na \u00c1frica.&nbsp; Sua miss\u00e3o \u00e9 ajudar a desbravar o potencial humano, a partir da aprendizagem, contribuindo para que cada estudante tenha acesso \u00e0s ferramentas e oportunidades necess\u00e1rias para imaginar e construir um futuro mais pr\u00f3spero e justo.<\/p>\n<\/div>\n<\/div>\n\n\n\n<div style=\"height:10px\" aria-hidden=\"true\" class=\"wp-block-spacer\"><\/div>\n\n\n\n<div class=\"wp-block-columns\">\n<div class=\"wp-block-column\">\n<figure class=\"wp-block-image size-large\"><img loading=\"lazy\" width=\"640\" height=\"400\" src=\"https:\/\/www.amplifica.me\/simplifica\/wp-content\/uploads\/2020\/04\/foto-sincroniza.jpg\" alt=\"\" class=\"wp-image-1088\" srcset=\"https:\/\/www.amplifica.me\/simplifica\/wp-content\/uploads\/2020\/04\/foto-sincroniza.jpg 640w, https:\/\/www.amplifica.me\/simplifica\/wp-content\/uploads\/2020\/04\/foto-sincroniza-300x188.jpg 300w, https:\/\/www.amplifica.me\/simplifica\/wp-content\/uploads\/2020\/04\/foto-sincroniza-100x63.jpg 100w\" sizes=\"(max-width: 640px) 100vw, 640px\" \/><\/figure>\n<\/div>\n\n\n\n<div class=\"wp-block-column\">\n<h2>Sincroniza Educa\u00e7\u00e3o<\/h2>\n\n\n\n<p class=\"has-medium-font-size\">A <strong>Sincroniza Educa\u00e7\u00e3o<\/strong> foi criada para ajudar organiza\u00e7\u00f5es na implementa\u00e7\u00e3o de produtos educacionais e forma\u00e7\u00e3o de equipes para diversifica\u00e7\u00e3o e amplia\u00e7\u00e3o de pr\u00e1ticas pedag\u00f3gicas. Somos parceiros de escolas, Secretarias da Educa\u00e7\u00e3o, empresas, edtechs, funda\u00e7\u00f5es, institutos e ONGs que acreditam no poder transformador da Educa\u00e7\u00e3o.&nbsp;<\/p>\n<\/div>\n<\/div>\n","protected":false},"excerpt":{"rendered":"<p>Amplifica Engajar para conectar e impulsionar talentos \u00e9 o que nos move. A metodologia do Amplifica pressup\u00f5e que o aprendizado seja coletivo e distribu\u00eddo em&#8230;<\/p>\n","protected":false},"author":1,"featured_media":0,"parent":0,"menu_order":4,"comment_status":"closed","ping_status":"closed","template":"","meta":{"_mi_skip_tracking":false},"tags":[],"yoast_head":"<!-- This site is optimized with the Yoast SEO plugin v18.7 - https:\/\/yoast.com\/wordpress\/plugins\/seo\/ -->\n<title>Quem somos - Simplifica<\/title>\n<meta name=\"robots\" content=\"index, follow, max-snippet:-1, max-image-preview:large, max-video-preview:-1\" \/>\n<link rel=\"canonical\" href=\"https:\/\/www.amplifica.me\/simplifica\/?page_id=883\" \/>\n<meta property=\"og:locale\" content=\"pt_BR\" \/>\n<meta property=\"og:type\" content=\"article\" \/>\n<meta property=\"og:title\" content=\"Quem Somos - Simplifica\" \/>\n<meta property=\"og:description\" content=\"Simplifica \u00e9 o programa criado pelo Amplifica, em parceria com a Funda\u00e7\u00e3o Lemann e a Imaginable Futures, para desenvolver experi\u00eancias pedag\u00f3gicas, mediadas pela tecnologia, para os estudantes do Ensino Fundamental - Anos Iniciais e Finais.\" \/>\n<meta property=\"og:url\" content=\"https:\/\/www.amplifica.me\/simplifica\/?page_id=883\" \/>\n<meta property=\"og:site_name\" content=\"Simplifica\" \/>\n<meta property=\"article:modified_time\" content=\"2020-05-09T15:07:44+00:00\" \/>\n<meta property=\"og:image\" content=\"https:\/\/www.amplifica.me\/simplifica\/wp-content\/uploads\/2020\/04\/thumb-geral-simplifica-03.png\" \/>\n\t<meta property=\"og:image:width\" content=\"870\" \/>\n\t<meta property=\"og:image:height\" content=\"452\" \/>\n\t<meta property=\"og:image:type\" content=\"image\/png\" \/>\n<meta name=\"twitter:card\" content=\"summary_large_image\" \/>\n<meta name=\"twitter:title\" content=\"Quem Somos - Simplifica\" \/>\n<meta name=\"twitter:description\" content=\"Simplifica \u00e9 o programa criado pelo Amplifica, em parceria com a Funda\u00e7\u00e3o Lemann e a Imaginable Futures, para desenvolver experi\u00eancias pedag\u00f3gicas, mediadas pela tecnologia, para os estudantes do Ensino Fundamental - Anos Iniciais e Finais.\" \/>\n<meta name=\"twitter:image\" content=\"https:\/\/www.amplifica.me\/simplifica\/wp-content\/uploads\/2020\/04\/thumb-geral-simplifica-03.png\" \/>\n<meta name=\"twitter:label1\" content=\"Est. tempo de leitura\" \/>\n\t<meta name=\"twitter:data1\" content=\"1 minuto\" \/>\n<script type=\"application\/ld+json\" class=\"yoast-schema-graph\">{\"@context\":\"https:\/\/schema.org\",\"@graph\":[{\"@type\":\"WebSite\",\"@id\":\"https:\/\/www.amplifica.me\/simplifica\/#website\",\"url\":\"https:\/\/www.amplifica.me\/simplifica\/\",\"name\":\"Simplifica\",\"description\":\"Experi\u00eancias de Aprendizagem Gratuitas\",\"potentialAction\":[{\"@type\":\"SearchAction\",\"target\":{\"@type\":\"EntryPoint\",\"urlTemplate\":\"https:\/\/www.amplifica.me\/simplifica\/?s={search_term_string}\"},\"query-input\":\"required name=search_term_string\"}],\"inLanguage\":\"pt-BR\"},{\"@type\":\"ImageObject\",\"inLanguage\":\"pt-BR\",\"@id\":\"https:\/\/www.amplifica.me\/simplifica\/?page_id=883#primaryimage\",\"url\":\"https:\/\/www.amplifica.me\/simplifica\/wp-content\/uploads\/2020\/04\/thumb-geral-simplifica-03.png\",\"contentUrl\":\"https:\/\/www.amplifica.me\/simplifica\/wp-content\/uploads\/2020\/04\/thumb-geral-simplifica-03.png\",\"width\":870,\"height\":452,\"caption\":\"Como funciona o Simplifica\"},{\"@type\":\"WebPage\",\"@id\":\"https:\/\/www.amplifica.me\/simplifica\/?page_id=883#webpage\",\"url\":\"https:\/\/www.amplifica.me\/simplifica\/?page_id=883\",\"name\":\"Quem somos - Simplifica\",\"isPartOf\":{\"@id\":\"https:\/\/www.amplifica.me\/simplifica\/#website\"},\"primaryImageOfPage\":{\"@id\":\"https:\/\/www.amplifica.me\/simplifica\/?page_id=883#primaryimage\"},\"datePublished\":\"2020-04-26T18:51:47+00:00\",\"dateModified\":\"2020-05-09T15:07:44+00:00\",\"breadcrumb\":{\"@id\":\"https:\/\/www.amplifica.me\/simplifica\/?page_id=883#breadcrumb\"},\"inLanguage\":\"pt-BR\",\"potentialAction\":[{\"@type\":\"ReadAction\",\"target\":[\"https:\/\/www.amplifica.me\/simplifica\/?page_id=883\"]}]},{\"@type\":\"BreadcrumbList\",\"@id\":\"https:\/\/www.amplifica.me\/simplifica\/?page_id=883#breadcrumb\",\"itemListElement\":[{\"@type\":\"ListItem\",\"position\":1,\"name\":\"In\u00edcio\",\"item\":\"https:\/\/www.amplifica.me\/simplifica\/\"},{\"@type\":\"ListItem\",\"position\":2,\"name\":\"Quem somos\"}]}]}<\/script>\n<!-- \/ Yoast SEO plugin. -->","yoast_head_json":{"title":"Quem somos - Simplifica","robots":{"index":"index","follow":"follow","max-snippet":"max-snippet:-1","max-image-preview":"max-image-preview:large","max-video-preview":"max-video-preview:-1"},"canonical":"https:\/\/www.amplifica.me\/simplifica\/?page_id=883","og_locale":"pt_BR","og_type":"article","og_title":"Quem Somos - Simplifica","og_description":"Simplifica \u00e9 o programa criado pelo Amplifica, em parceria com a Funda\u00e7\u00e3o Lemann e a Imaginable Futures, para desenvolver experi\u00eancias pedag\u00f3gicas, mediadas pela tecnologia, para os estudantes do Ensino Fundamental - Anos Iniciais e Finais.","og_url":"https:\/\/www.amplifica.me\/simplifica\/?page_id=883","og_site_name":"Simplifica","article_modified_time":"2020-05-09T15:07:44+00:00","og_image":[{"width":870,"height":452,"url":"https:\/\/www.amplifica.me\/simplifica\/wp-content\/uploads\/2020\/04\/thumb-geral-simplifica-03.png","type":"image\/png"}],"twitter_card":"summary_large_image","twitter_title":"Quem Somos - Simplifica","twitter_description":"Simplifica \u00e9 o programa criado pelo Amplifica, em parceria com a Funda\u00e7\u00e3o Lemann e a Imaginable Futures, para desenvolver experi\u00eancias pedag\u00f3gicas, mediadas pela tecnologia, para os estudantes do Ensino Fundamental - Anos Iniciais e Finais.","twitter_image":"https:\/\/www.amplifica.me\/simplifica\/wp-content\/uploads\/2020\/04\/thumb-geral-simplifica-03.png","twitter_misc":{"Est. tempo de leitura":"1 minuto"},"schema":{"@context":"https:\/\/schema.org","@graph":[{"@type":"WebSite","@id":"https:\/\/www.amplifica.me\/simplifica\/#website","url":"https:\/\/www.amplifica.me\/simplifica\/","name":"Simplifica","description":"Experi\u00eancias de Aprendizagem Gratuitas","potentialAction":[{"@type":"SearchAction","target":{"@type":"EntryPoint","urlTemplate":"https:\/\/www.amplifica.me\/simplifica\/?s={search_term_string}"},"query-input":"required name=search_term_string"}],"inLanguage":"pt-BR"},{"@type":"ImageObject","inLanguage":"pt-BR","@id":"https:\/\/www.amplifica.me\/simplifica\/?page_id=883#primaryimage","url":"https:\/\/www.amplifica.me\/simplifica\/wp-content\/uploads\/2020\/04\/thumb-geral-simplifica-03.png","contentUrl":"https:\/\/www.amplifica.me\/simplifica\/wp-content\/uploads\/2020\/04\/thumb-geral-simplifica-03.png","width":870,"height":452,"caption":"Como funciona o Simplifica"},{"@type":"WebPage","@id":"https:\/\/www.amplifica.me\/simplifica\/?page_id=883#webpage","url":"https:\/\/www.amplifica.me\/simplifica\/?page_id=883","name":"Quem somos - Simplifica","isPartOf":{"@id":"https:\/\/www.amplifica.me\/simplifica\/#website"},"primaryImageOfPage":{"@id":"https:\/\/www.amplifica.me\/simplifica\/?page_id=883#primaryimage"},"datePublished":"2020-04-26T18:51:47+00:00","dateModified":"2020-05-09T15:07:44+00:00","breadcrumb":{"@id":"https:\/\/www.amplifica.me\/simplifica\/?page_id=883#breadcrumb"},"inLanguage":"pt-BR","potentialAction":[{"@type":"ReadAction","target":["https:\/\/www.amplifica.me\/simplifica\/?page_id=883"]}]},{"@type":"BreadcrumbList","@id":"https:\/\/www.amplifica.me\/simplifica\/?page_id=883#breadcrumb","itemListElement":[{"@type":"ListItem","position":1,"name":"In\u00edcio","item":"https:\/\/www.amplifica.me\/simplifica\/"},{"@type":"ListItem","position":2,"name":"Quem somos"}]}]}},"_links":{"self":[{"href":"https:\/\/www.amplifica.me\/simplifica\/index.php?rest_route=\/wp\/v2\/pages\/883"}],"collection":[{"href":"https:\/\/www.amplifica.me\/simplifica\/index.php?rest_route=\/wp\/v2\/pages"}],"about":[{"href":"https:\/\/www.amplifica.me\/simplifica\/index.php?rest_route=\/wp\/v2\/types\/page"}],"author":[{"embeddable":true,"href":"https:\/\/www.amplifica.me\/simplifica\/index.php?rest_route=\/wp\/v2\/users\/1"}],"replies":[{"embeddable":true,"href":"https:\/\/www.amplifica.me\/simplifica\/index.php?rest_route=%2Fwp%2Fv2%2Fcomments&post=883"}],"version-history":[{"count":13,"href":"https:\/\/www.amplifica.me\/simplifica\/index.php?rest_route=\/wp\/v2\/pages\/883\/revisions"}],"predecessor-version":[{"id":1382,"href":"https:\/\/www.amplifica.me\/simplifica\/index.php?rest_route=\/wp\/v2\/pages\/883\/revisions\/1382"}],"wp:attachment":[{"href":"https:\/\/www.amplifica.me\/simplifica\/index.php?rest_route=%2Fwp%2Fv2%2Fmedia&parent=883"}],"wp:term":[{"taxonomy":"post_tag","embeddable":true,"href":"https:\/\/www.amplifica.me\/simplifica\/index.php?rest_route=%2Fwp%2Fv2%2Ftags&post=883"}],"curies":[{"name":"wp","href":"https:\/\/api.w.org\/{rel}","templated":true}]}}